{"version":"1.0","provider_name":"Suomen J\u00e4\u00e4palloliitto","provider_url":"https:\/\/www.finbandy.fi\/fi","author_name":"Andreas Sj\u00f6blom","author_url":"https:\/\/www.finbandy.fi\/fi\/author\/andreas\/","title":"Syyskokous kutsuu j\u00e4\u00e4pallov\u00e4en Poriin! - Suomen J\u00e4\u00e4palloliitto","type":"rich","width":600,"height":338,"html":"<blockquote class=\"wp-embedded-content\" data-secret=\"7XQCohROu9\"><a href=\"https:\/\/www.finbandy.fi\/fi\/syyskokous-kutsuu-jaapallovaen-poriin\/\">Syyskokous kutsuu j\u00e4\u00e4pallov\u00e4en Poriin!<\/a><\/blockquote><iframe sandbox=\"allow-scripts\" security=\"restricted\" src=\"https:\/\/www.finbandy.fi\/fi\/syyskokous-kutsuu-jaapallovaen-poriin\/embed\/#?secret=7XQCohROu9\" width=\"600\" height=\"338\" title=\"&#8221;Syyskokous kutsuu j\u00e4\u00e4pallov\u00e4en Poriin!&#8221; &#8212; Suomen J\u00e4\u00e4palloliitto\" data-secret=\"7XQCohROu9\" frameborder=\"0\" marginwidth=\"0\" marginheight=\"0\" scrolling=\"no\" class=\"wp-embedded-content\"><\/iframe><script>\n\/*! This file is auto-generated *\/\n!function(d,l){\"use strict\";l.querySelector&&d.addEventListener&&\"undefined\"!=typeof URL&&(d.wp=d.wp||{},d.wp.receiveEmbedMessage||(d.wp.receiveEmbedMessage=function(e){var t=e.data;if((t||t.secret||t.message||t.value)&&!\/[^a-zA-Z0-9]\/.test(t.secret)){for(var s,r,n,a=l.querySelectorAll('iframe[data-secret=\"'+t.secret+'\"]'),o=l.querySelectorAll('blockquote[data-secret=\"'+t.secret+'\"]'),c=new RegExp(\"^https?:$\",\"i\"),i=0;i<o.length;i++)o[i].style.display=\"none\";for(i=0;i<a.length;i++)s=a[i],e.source===s.contentWindow&&(s.removeAttribute(\"style\"),\"height\"===t.message?(1e3<(r=parseInt(t.value,10))?r=1e3:~~r<200&&(r=200),s.height=r):\"link\"===t.message&&(r=new URL(s.getAttribute(\"src\")),n=new URL(t.value),c.test(n.protocol))&&n.host===r.host&&l.activeElement===s&&(d.top.location.href=t.value))}},d.addEventListener(\"message\",d.wp.receiveEmbedMessage,!1),l.addEventListener(\"DOMContentLoaded\",function(){for(var e,t,s=l.querySelectorAll(\"iframe.wp-embedded-content\"),r=0;r<s.length;r++)(t=(e=s[r]).getAttribute(\"data-secret\"))||(t=Math.random().toString(36).substring(2,12),e.src+=\"#?secret=\"+t,e.setAttribute(\"data-secret\",t)),e.contentWindow.postMessage({message:\"ready\",secret:t},\"*\")},!1)))}(window,document);\n<\/script>\n","thumbnail_url":"https:\/\/www.finbandy.fi\/fi\/wp-content\/uploads\/2025\/08\/SJPL-logo-2025.jpeg","thumbnail_width":1271,"thumbnail_height":816,"description":"Suomen J\u00e4\u00e4palloliiton liittokokous j\u00e4rjestet\u00e4\u00e4n lauantaina 18.10.2025 klo 12.00 alkaen Poriin, jossa tammikuussa j\u00e4rjestet\u00e4\u00e4n miesten ja naisten MM-kisat. Kokouspaikkana toimii Asiantuntijakeskus BEPOP (Isolinnankatu 21 E, 5.krs). Syysliittokokouksessa k\u00e4sitell\u00e4\u00e4n liiton s\u00e4\u00e4nt\u00f6jen \u00a718 mukaiset s\u00e4\u00e4nt\u00f6m\u00e4\u00e4r\u00e4iset asiat ja valitaan kurinpitovaliokuntaan tarvittavat j\u00e4senet. Lopullinen ohjelma ja aikataulu vahvistetaan viimeist\u00e4\u00e4n kaksi viikkoa ennen kokousta. Ilmoittautumiset viimeist\u00e4\u00e4n 2.10.2025 s\u00e4hk\u00f6postitse toiminnanjohtajalle Tobias Karlssonille [&hellip;]"}